{"id":4811,"date":"2021-11-30T08:51:17","date_gmt":"2021-11-30T08:51:17","guid":{"rendered":"https:\/\/be-okay.be\/collectie\/woonkamer\/poefs\/"},"modified":"2025-03-25T07:52:32","modified_gmt":"2025-03-25T07:52:32","slug":"poufs","status":"publish","type":"page","link":"https:\/\/be-okay.be\/fr\/collection\/living\/poufs\/","title":{"rendered":"Poufs"},"content":{"rendered":"\n<h1 class=\"wp-block-heading has-text-align-center\">UN POUF PRATIQUE POUR UN BEL INT\u00c9RIEUR<\/h1>\n\n\n\n<h2 class=\"wp-block-heading has-text-align-center\">Esth\u00e9tique et pratique&nbsp;? Un pouf, deux avantages<\/h2>\n\n\n\n<p class=\"has-text-align-center\">Un pouf combine le meilleur de deux mondes : un si\u00e8ge suppl\u00e9mentaire et utilisable partout et qui offre un espace de rangement suppl\u00e9mentaire. Vous avez le choix entre diff\u00e9rentes couleurs, tailles et formes. Noir, cuir, velours, rond&#8230; Chez BE-Okay, vous trouverez sans aucun doute le pouf qui correspond \u00e0 votre style. Vous voulez acheter un pouf&nbsp;? Laissez-vous inspirer ou passez nous voir \u00e0 Deerlijk ou \u00e0 Mouscron.<\/p>\n\n\n\n<div class=\"wp-block-buttons is-layout-flex wp-block-buttons-is-layout-flex\">\n<div class=\"wp-block-button aligncenter\"><a class=\"wp-block-button__link wp-element-button\" href=\"https:\/\/be-okay.be\/fr\/contact\/\">CONSULTEZ NOS HEURES D\u2019OUVERTURE<\/a><\/div>\n<\/div>\n\n\n\n<div style=\"height:40px\" aria-hidden=\"true\" class=\"wp-block-spacer\"><\/div>\n\n\n\n<h2 class=\"wp-block-heading has-text-align-center\">Puisez votre inspiration dans nos poufs<\/h2>\n\n\n\n<figure class=\"wp-block-gallery has-nested-images columns-4 is-cropped wp-block-gallery-1 is-layout-flex wp-block-gallery-is-layout-flex\">\n<figure class=\"wp-block-image size-full\"><img decoding=\"async\" width=\"1080\" height=\"1080\" data-id=\"7336\" data-src=\"http:\/\/be-okay.be\/wp-content\/uploads\/2025\/03\/BEOKAY_Woonkamer_Poefs_Lyra.jpg\" alt=\"Pouf en tissu gris clair avec pieds en bois, d\u00e9cor\u00e9 d\u2019un coussin et d\u2019un plaid jaune ocre dans un salon chaleureux.\" class=\"wp-image-7336 lazyload\" data-srcset=\"https:\/\/be-okay.be\/wp-content\/uploads\/2025\/03\/BEOKAY_Woonkamer_Poefs_Lyra.jpg 1080w, https:\/\/be-okay.be\/wp-content\/uploads\/2025\/03\/BEOKAY_Woonkamer_Poefs_Lyra-300x300.jpg 300w, https:\/\/be-okay.be\/wp-content\/uploads\/2025\/03\/BEOKAY_Woonkamer_Poefs_Lyra-150x150.jpg 150w, https:\/\/be-okay.be\/wp-content\/uploads\/2025\/03\/BEOKAY_Woonkamer_Poefs_Lyra-768x768.jpg 768w\" data-sizes=\"(max-width: 1080px) 100vw, 1080px\" src=\"data:image\/svg+xml;base64,PHN2ZyB3aWR0aD0iMSIgaGVpZ2h0PSIxIiB4bWxucz0iaHR0cDovL3d3dy53My5vcmcvMjAwMC9zdmciPjwvc3ZnPg==\" style=\"--smush-placeholder-width: 1080px; --smush-placeholder-aspect-ratio: 1080\/1080;\" \/><\/figure>\n\n\n\n<figure class=\"wp-block-image size-large\"><img decoding=\"async\" width=\"1000\" height=\"1269\" data-id=\"3555\" data-src=\"https:\/\/be-okay.be\/wp-content\/uploads\/2022\/12\/WOONKAMER_Poefs_Trio_SoftNord.jpg\" alt=\"\" class=\"wp-image-3555 lazyload\" data-srcset=\"https:\/\/be-okay.be\/wp-content\/uploads\/2022\/12\/WOONKAMER_Poefs_Trio_SoftNord.jpg 1000w, https:\/\/be-okay.be\/wp-content\/uploads\/2022\/12\/WOONKAMER_Poefs_Trio_SoftNord-236x300.jpg 236w, https:\/\/be-okay.be\/wp-content\/uploads\/2022\/12\/WOONKAMER_Poefs_Trio_SoftNord-768x975.jpg 768w\" data-sizes=\"(max-width: 1000px) 100vw, 1000px\" src=\"data:image\/svg+xml;base64,PHN2ZyB3aWR0aD0iMSIgaGVpZ2h0PSIxIiB4bWxucz0iaHR0cDovL3d3dy53My5vcmcvMjAwMC9zdmciPjwvc3ZnPg==\" style=\"--smush-placeholder-width: 1000px; --smush-placeholder-aspect-ratio: 1000\/1269;\" \/><\/figure>\n\n\n\n<figure class=\"wp-block-image size-full\"><img decoding=\"async\" width=\"1080\" height=\"1080\" data-id=\"7340\" data-src=\"http:\/\/be-okay.be\/wp-content\/uploads\/2025\/03\/BEOKAY_Woonkamer_Poefs_Paris_Lyra_2.jpg\" alt=\"Pouf en tissu couleur sable avec pieds en bois, dispos\u00e9 sur un tapis en jute dans un salon \u00e0 l\u2019am\u00e9nagement \u00e9pur\u00e9.\" class=\"wp-image-7340 lazyload\" data-srcset=\"https:\/\/be-okay.be\/wp-content\/uploads\/2025\/03\/BEOKAY_Woonkamer_Poefs_Paris_Lyra_2.jpg 1080w, https:\/\/be-okay.be\/wp-content\/uploads\/2025\/03\/BEOKAY_Woonkamer_Poefs_Paris_Lyra_2-300x300.jpg 300w, https:\/\/be-okay.be\/wp-content\/uploads\/2025\/03\/BEOKAY_Woonkamer_Poefs_Paris_Lyra_2-150x150.jpg 150w, https:\/\/be-okay.be\/wp-content\/uploads\/2025\/03\/BEOKAY_Woonkamer_Poefs_Paris_Lyra_2-768x768.jpg 768w\" data-sizes=\"(max-width: 1080px) 100vw, 1080px\" src=\"data:image\/svg+xml;base64,PHN2ZyB3aWR0aD0iMSIgaGVpZ2h0PSIxIiB4bWxucz0iaHR0cDovL3d3dy53My5vcmcvMjAwMC9zdmciPjwvc3ZnPg==\" style=\"--smush-placeholder-width: 1080px; --smush-placeholder-aspect-ratio: 1080\/1080;\" \/><\/figure>\n\n\n\n<figure class=\"wp-block-image size-large\"><img decoding=\"async\" width=\"1001\" height=\"1500\" data-id=\"3568\" data-src=\"https:\/\/be-okay.be\/wp-content\/uploads\/2022\/12\/BEOKAY_Woonkamer_Poefs_PT-2.jpg\" alt=\"\" class=\"wp-image-3568 lazyload\" data-srcset=\"https:\/\/be-okay.be\/wp-content\/uploads\/2022\/12\/BEOKAY_Woonkamer_Poefs_PT-2.jpg 1001w, https:\/\/be-okay.be\/wp-content\/uploads\/2022\/12\/BEOKAY_Woonkamer_Poefs_PT-2-200x300.jpg 200w, https:\/\/be-okay.be\/wp-content\/uploads\/2022\/12\/BEOKAY_Woonkamer_Poefs_PT-2-768x1151.jpg 768w\" data-sizes=\"(max-width: 1001px) 100vw, 1001px\" src=\"data:image\/svg+xml;base64,PHN2ZyB3aWR0aD0iMSIgaGVpZ2h0PSIxIiB4bWxucz0iaHR0cDovL3d3dy53My5vcmcvMjAwMC9zdmciPjwvc3ZnPg==\" style=\"--smush-placeholder-width: 1001px; --smush-placeholder-aspect-ratio: 1001\/1500;\" \/><\/figure>\n<\/figure>\n","protected":false},"excerpt":{"rendered":"<p>UN POUF PRATIQUE POUR UN BEL INT\u00c9RIEUR Esth\u00e9tique et pratique&nbsp;? Un pouf, deux avantages Un pouf combine le meilleur de deux mondes : un si\u00e8ge suppl\u00e9mentaire et utilisable partout et qui offre un espace de rangement suppl\u00e9mentaire. Vous avez le choix entre diff\u00e9rentes couleurs, tailles et formes. Noir, cuir, velours, rond&#8230; Chez BE-Okay, vous trouverez [&hellip;]<\/p>\n","protected":false},"author":2,"featured_media":6416,"parent":4807,"menu_order":4,"comment_status":"closed","ping_status":"closed","template":"template_collectie_single.php","meta":{"_acf_changed":false,"footnotes":""},"class_list":["post-4811","page","type-page","status-publish","has-post-thumbnail","hentry"],"acf":[],"yoast_head":"<!-- This site is optimized with the Yoast SEO plugin v27.4 - https:\/\/yoast.com\/product\/yoast-seo-wordpress\/ -->\n<title>Pouf | Pouf de rangement | BE-Okay Deerlijk &amp; Mouscron<\/title>\n<meta name=\"description\" content=\"Vous cherchez un pouf pour votre living ? Vous trouverez diff\u00e9rents poufs de rangement chez BE-Okay : en ligne ou dans le showroom \u00e0 Deerlijk et Mouscron.\" \/>\n<meta name=\"robots\" content=\"index, follow, max-snippet:-1, max-image-preview:large, max-video-preview:-1\" \/>\n<link rel=\"canonical\" href=\"https:\/\/be-okay.be\/fr\/collection\/living\/poufs\/\" \/>\n<meta property=\"og:locale\" content=\"fr_FR\" \/>\n<meta property=\"og:type\" content=\"article\" \/>\n<meta property=\"og:title\" content=\"Pouf | Pouf de rangement | BE-Okay Deerlijk &amp; Mouscron\" \/>\n<meta property=\"og:description\" content=\"Vous cherchez un pouf pour votre living ? Vous trouverez diff\u00e9rents poufs de rangement chez BE-Okay : en ligne ou dans le showroom \u00e0 Deerlijk et Mouscron.\" \/>\n<meta property=\"og:url\" content=\"https:\/\/be-okay.be\/fr\/collection\/living\/poufs\/\" \/>\n<meta property=\"og:site_name\" content=\"BE-Okay\" \/>\n<meta property=\"article:modified_time\" content=\"2025-03-25T07:52:32+00:00\" \/>\n<meta property=\"og:image\" content=\"http:\/\/be-okay.be\/wp-content\/uploads\/2024\/01\/BE-OKAY_WOONKAMER_POEF_CARL_TENZO.jpg\" \/>\n\t<meta property=\"og:image:width\" content=\"740\" \/>\n\t<meta property=\"og:image:height\" content=\"1000\" \/>\n\t<meta property=\"og:image:type\" content=\"image\/jpeg\" \/>\n<meta name=\"twitter:card\" content=\"summary_large_image\" \/>\n<meta name=\"twitter:label1\" content=\"Dur\u00e9e de lecture estim\u00e9e\" \/>\n\t<meta name=\"twitter:data1\" content=\"2 minutes\" \/>\n<script type=\"application\/ld+json\" class=\"yoast-schema-graph\">{\"@context\":\"https:\\\/\\\/schema.org\",\"@graph\":[{\"@type\":\"WebPage\",\"@id\":\"https:\\\/\\\/be-okay.be\\\/fr\\\/collection\\\/living\\\/poufs\\\/\",\"url\":\"https:\\\/\\\/be-okay.be\\\/fr\\\/collection\\\/living\\\/poufs\\\/\",\"name\":\"Pouf | Pouf de rangement | BE-Okay Deerlijk & Mouscron\",\"isPartOf\":{\"@id\":\"https:\\\/\\\/be-okay.be\\\/fr\\\/#website\"},\"primaryImageOfPage\":{\"@id\":\"https:\\\/\\\/be-okay.be\\\/fr\\\/collection\\\/living\\\/poufs\\\/#primaryimage\"},\"image\":{\"@id\":\"https:\\\/\\\/be-okay.be\\\/fr\\\/collection\\\/living\\\/poufs\\\/#primaryimage\"},\"thumbnailUrl\":\"https:\\\/\\\/be-okay.be\\\/wp-content\\\/uploads\\\/2024\\\/01\\\/BE-OKAY_WOONKAMER_POEF_CARL_TENZO.jpg\",\"datePublished\":\"2021-11-30T08:51:17+00:00\",\"dateModified\":\"2025-03-25T07:52:32+00:00\",\"description\":\"Vous cherchez un pouf pour votre living ? Vous trouverez diff\u00e9rents poufs de rangement chez BE-Okay : en ligne ou dans le showroom \u00e0 Deerlijk et Mouscron.\",\"breadcrumb\":{\"@id\":\"https:\\\/\\\/be-okay.be\\\/fr\\\/collection\\\/living\\\/poufs\\\/#breadcrumb\"},\"inLanguage\":\"fr-FR\",\"potentialAction\":[{\"@type\":\"ReadAction\",\"target\":[\"https:\\\/\\\/be-okay.be\\\/fr\\\/collection\\\/living\\\/poufs\\\/\"]}]},{\"@type\":\"ImageObject\",\"inLanguage\":\"fr-FR\",\"@id\":\"https:\\\/\\\/be-okay.be\\\/fr\\\/collection\\\/living\\\/poufs\\\/#primaryimage\",\"url\":\"https:\\\/\\\/be-okay.be\\\/wp-content\\\/uploads\\\/2024\\\/01\\\/BE-OKAY_WOONKAMER_POEF_CARL_TENZO.jpg\",\"contentUrl\":\"https:\\\/\\\/be-okay.be\\\/wp-content\\\/uploads\\\/2024\\\/01\\\/BE-OKAY_WOONKAMER_POEF_CARL_TENZO.jpg\",\"width\":740,\"height\":1000},{\"@type\":\"BreadcrumbList\",\"@id\":\"https:\\\/\\\/be-okay.be\\\/fr\\\/collection\\\/living\\\/poufs\\\/#breadcrumb\",\"itemListElement\":[{\"@type\":\"ListItem\",\"position\":1,\"name\":\"Collection\",\"item\":\"https:\\\/\\\/be-okay.be\\\/fr\\\/collection\\\/\"},{\"@type\":\"ListItem\",\"position\":2,\"name\":\"Living\",\"item\":\"https:\\\/\\\/be-okay.be\\\/fr\\\/collection\\\/living\\\/\"},{\"@type\":\"ListItem\",\"position\":3,\"name\":\"Poufs\"}]},{\"@type\":\"WebSite\",\"@id\":\"https:\\\/\\\/be-okay.be\\\/fr\\\/#website\",\"url\":\"https:\\\/\\\/be-okay.be\\\/fr\\\/\",\"name\":\"BE-Okay\",\"description\":\"Young living concept - meubelwinkel Deerlijk &amp; Moeskroen\",\"potentialAction\":[{\"@type\":\"SearchAction\",\"target\":{\"@type\":\"EntryPoint\",\"urlTemplate\":\"https:\\\/\\\/be-okay.be\\\/fr\\\/?s={search_term_string}\"},\"query-input\":{\"@type\":\"PropertyValueSpecification\",\"valueRequired\":true,\"valueName\":\"search_term_string\"}}],\"inLanguage\":\"fr-FR\"}]}<\/script>\n<!-- \/ Yoast SEO plugin. -->","yoast_head_json":{"title":"Pouf | Pouf de rangement | BE-Okay Deerlijk & Mouscron","description":"Vous cherchez un pouf pour votre living ? Vous trouverez diff\u00e9rents poufs de rangement chez BE-Okay : en ligne ou dans le showroom \u00e0 Deerlijk et Mouscron.","robots":{"index":"index","follow":"follow","max-snippet":"max-snippet:-1","max-image-preview":"max-image-preview:large","max-video-preview":"max-video-preview:-1"},"canonical":"https:\/\/be-okay.be\/fr\/collection\/living\/poufs\/","og_locale":"fr_FR","og_type":"article","og_title":"Pouf | Pouf de rangement | BE-Okay Deerlijk & Mouscron","og_description":"Vous cherchez un pouf pour votre living ? Vous trouverez diff\u00e9rents poufs de rangement chez BE-Okay : en ligne ou dans le showroom \u00e0 Deerlijk et Mouscron.","og_url":"https:\/\/be-okay.be\/fr\/collection\/living\/poufs\/","og_site_name":"BE-Okay","article_modified_time":"2025-03-25T07:52:32+00:00","og_image":[{"width":740,"height":1000,"url":"http:\/\/be-okay.be\/wp-content\/uploads\/2024\/01\/BE-OKAY_WOONKAMER_POEF_CARL_TENZO.jpg","type":"image\/jpeg"}],"twitter_card":"summary_large_image","twitter_misc":{"Dur\u00e9e de lecture estim\u00e9e":"2 minutes"},"schema":{"@context":"https:\/\/schema.org","@graph":[{"@type":"WebPage","@id":"https:\/\/be-okay.be\/fr\/collection\/living\/poufs\/","url":"https:\/\/be-okay.be\/fr\/collection\/living\/poufs\/","name":"Pouf | Pouf de rangement | BE-Okay Deerlijk & Mouscron","isPartOf":{"@id":"https:\/\/be-okay.be\/fr\/#website"},"primaryImageOfPage":{"@id":"https:\/\/be-okay.be\/fr\/collection\/living\/poufs\/#primaryimage"},"image":{"@id":"https:\/\/be-okay.be\/fr\/collection\/living\/poufs\/#primaryimage"},"thumbnailUrl":"https:\/\/be-okay.be\/wp-content\/uploads\/2024\/01\/BE-OKAY_WOONKAMER_POEF_CARL_TENZO.jpg","datePublished":"2021-11-30T08:51:17+00:00","dateModified":"2025-03-25T07:52:32+00:00","description":"Vous cherchez un pouf pour votre living ? Vous trouverez diff\u00e9rents poufs de rangement chez BE-Okay : en ligne ou dans le showroom \u00e0 Deerlijk et Mouscron.","breadcrumb":{"@id":"https:\/\/be-okay.be\/fr\/collection\/living\/poufs\/#breadcrumb"},"inLanguage":"fr-FR","potentialAction":[{"@type":"ReadAction","target":["https:\/\/be-okay.be\/fr\/collection\/living\/poufs\/"]}]},{"@type":"ImageObject","inLanguage":"fr-FR","@id":"https:\/\/be-okay.be\/fr\/collection\/living\/poufs\/#primaryimage","url":"https:\/\/be-okay.be\/wp-content\/uploads\/2024\/01\/BE-OKAY_WOONKAMER_POEF_CARL_TENZO.jpg","contentUrl":"https:\/\/be-okay.be\/wp-content\/uploads\/2024\/01\/BE-OKAY_WOONKAMER_POEF_CARL_TENZO.jpg","width":740,"height":1000},{"@type":"BreadcrumbList","@id":"https:\/\/be-okay.be\/fr\/collection\/living\/poufs\/#breadcrumb","itemListElement":[{"@type":"ListItem","position":1,"name":"Collection","item":"https:\/\/be-okay.be\/fr\/collection\/"},{"@type":"ListItem","position":2,"name":"Living","item":"https:\/\/be-okay.be\/fr\/collection\/living\/"},{"@type":"ListItem","position":3,"name":"Poufs"}]},{"@type":"WebSite","@id":"https:\/\/be-okay.be\/fr\/#website","url":"https:\/\/be-okay.be\/fr\/","name":"BE-Okay","description":"Young living concept - meubelwinkel Deerlijk &amp; Moeskroen","potentialAction":[{"@type":"SearchAction","target":{"@type":"EntryPoint","urlTemplate":"https:\/\/be-okay.be\/fr\/?s={search_term_string}"},"query-input":{"@type":"PropertyValueSpecification","valueRequired":true,"valueName":"search_term_string"}}],"inLanguage":"fr-FR"}]}},"_links":{"self":[{"href":"https:\/\/be-okay.be\/fr\/wp-json\/wp\/v2\/pages\/4811","targetHints":{"allow":["GET"]}}],"collection":[{"href":"https:\/\/be-okay.be\/fr\/wp-json\/wp\/v2\/pages"}],"about":[{"href":"https:\/\/be-okay.be\/fr\/wp-json\/wp\/v2\/types\/page"}],"author":[{"embeddable":true,"href":"https:\/\/be-okay.be\/fr\/wp-json\/wp\/v2\/users\/2"}],"replies":[{"embeddable":true,"href":"https:\/\/be-okay.be\/fr\/wp-json\/wp\/v2\/comments?post=4811"}],"version-history":[{"count":4,"href":"https:\/\/be-okay.be\/fr\/wp-json\/wp\/v2\/pages\/4811\/revisions"}],"predecessor-version":[{"id":7343,"href":"https:\/\/be-okay.be\/fr\/wp-json\/wp\/v2\/pages\/4811\/revisions\/7343"}],"up":[{"embeddable":true,"href":"https:\/\/be-okay.be\/fr\/wp-json\/wp\/v2\/pages\/4807"}],"wp:featuredmedia":[{"embeddable":true,"href":"https:\/\/be-okay.be\/fr\/wp-json\/wp\/v2\/media\/6416"}],"wp:attachment":[{"href":"https:\/\/be-okay.be\/fr\/wp-json\/wp\/v2\/media?parent=4811"}],"curies":[{"name":"wp","href":"https:\/\/api.w.org\/{rel}","templated":true}]}}